{"id":899,"date":"2025-07-03T15:50:36","date_gmt":"2025-07-03T15:50:36","guid":{"rendered":"https:\/\/ja-ra.net\/?page_id=899"},"modified":"2025-09-02T13:48:28","modified_gmt":"2025-09-02T13:48:28","slug":"radgivningsansats-3","status":"publish","type":"page","link":"https:\/\/ja-ra.net\/?page_id=899&lang=sv","title":{"rendered":"R\u00e5dgivningsansats"},"content":{"rendered":"\t\t<div data-elementor-type=\"wp-page\" data-elementor-id=\"899\" class=\"elementor elementor-899\">\n\t\t\t\t<div class=\"elementor-element elementor-element-47091366 e-flex e-con-boxed e-con e-parent\" data-id=\"47091366\" data-element_type=\"container\" data-e-type=\"container\" data-settings=\"{&quot;background_background&quot;:&quot;classic&quot;}\">\n\t\t\t\t\t<div class=\"e-con-inner\">\n\t\t<div class=\"elementor-element elementor-element-63298d78 e-flex e-con-boxed e-con e-child\" data-id=\"63298d78\" data-element_type=\"container\" data-e-type=\"container\">\n\t\t\t\t\t<div class=\"e-con-inner\">\n\t\t\t\t<div class=\"elementor-element elementor-element-6526209c elementor-widget__width-inherit elementor-widget elementor-widget-heading\" data-id=\"6526209c\" data-element_type=\"widget\" data-e-type=\"widget\" data-widget_type=\"heading.default\">\n\t\t\t\t<div class=\"elementor-widget-container\">\n\t\t\t\t\t<h1 class=\"elementor-heading-title elementor-size-default\">Jurist med inriktning p\u00e5 avtalsr\u00e4tt, arbetsr\u00e4tt och medier\u00e4tt<\/h1>\t\t\t\t<\/div>\n\t\t\t\t<\/div>\n\t\t\t\t<div class=\"elementor-element elementor-element-59d3d8ae elementor-widget elementor-widget-heading\" data-id=\"59d3d8ae\" data-element_type=\"widget\" data-e-type=\"widget\" data-widget_type=\"heading.default\">\n\t\t\t\t<div class=\"elementor-widget-container\">\n\t\t\t\t\t<h2 class=\"elementor-heading-title elementor-size-default\">Personlig. L\u00f6sningsorienterad. Internationell.<\/h2>\t\t\t\t<\/div>\n\t\t\t\t<\/div>\n\t\t\t\t<div class=\"elementor-element elementor-element-4c56506f elementor-widget elementor-widget-heading\" data-id=\"4c56506f\" data-element_type=\"widget\" data-e-type=\"widget\" data-widget_type=\"heading.default\">\n\t\t\t\t<div class=\"elementor-widget-container\">\n\t\t\t\t\t<h3 class=\"elementor-heading-title elementor-size-default\">Beh\u00f6ver du <b>professionell juridisk r\u00e5dgivning?<\/b>\nKontakta mig g\u00e4rna p\u00e5 telefon!<br><br><b>+49 (30) 23390 112<\/b><\/h3>\t\t\t\t<\/div>\n\t\t\t\t<\/div>\n\t\t\t\t\t<\/div>\n\t\t\t\t<\/div>\n\t\t<div class=\"elementor-element elementor-element-130df289 e-flex e-con-boxed e-con e-child\" data-id=\"130df289\" data-element_type=\"container\" data-e-type=\"container\" data-settings=\"{&quot;background_background&quot;:&quot;classic&quot;}\">\n\t\t\t\t\t<div class=\"e-con-inner\">\n\t\t\t\t\t<\/div>\n\t\t\t\t<\/div>\n\t\t\t\t\t<\/div>\n\t\t\t\t<\/div>\n\t\t<div class=\"elementor-element elementor-element-50d6c96c e-flex e-con-boxed e-con e-parent\" data-id=\"50d6c96c\" data-element_type=\"container\" data-e-type=\"container\" data-settings=\"{&quot;background_background&quot;:&quot;classic&quot;}\">\n\t\t\t\t\t<div class=\"e-con-inner\">\n\t\t<div class=\"elementor-element elementor-element-e353e73 e-con-full e-flex e-con e-child\" data-id=\"e353e73\" data-element_type=\"container\" data-e-type=\"container\">\n\t\t\t\t<div class=\"elementor-element elementor-element-3f4c03bf elementor-widget elementor-widget-heading\" data-id=\"3f4c03bf\" data-element_type=\"widget\" data-e-type=\"widget\" data-widget_type=\"heading.default\">\n\t\t\t\t<div class=\"elementor-widget-container\">\n\t\t\t\t\t<h2 class=\"elementor-heading-title elementor-size-default\">\"Du kan ocks\u00e5 bygga n\u00e5got vackert av stenar som ligger i v\u00e4gen f\u00f6r dig.\"<\/h2>\t\t\t\t<\/div>\n\t\t\t\t<\/div>\n\t\t\t\t<div class=\"elementor-element elementor-element-7838c90c elementor-widget elementor-widget-heading\" data-id=\"7838c90c\" data-element_type=\"widget\" data-e-type=\"widget\" data-widget_type=\"heading.default\">\n\t\t\t\t<div class=\"elementor-widget-container\">\n\t\t\t\t\t<h2 class=\"elementor-heading-title elementor-size-default\">- Johann Wolfgang von Goethe-<\/h2>\t\t\t\t<\/div>\n\t\t\t\t<\/div>\n\t\t\t\t<\/div>\n\t\t<div class=\"elementor-element elementor-element-68cf89b3 e-con-full e-flex e-con e-child\" data-id=\"68cf89b3\" data-element_type=\"container\" data-e-type=\"container\">\n\t\t\t\t<div class=\"elementor-element elementor-element-1ba172da elementor-widget elementor-widget-heading\" data-id=\"1ba172da\" data-element_type=\"widget\" data-e-type=\"widget\" data-widget_type=\"heading.default\">\n\t\t\t\t<div class=\"elementor-widget-container\">\n\t\t\t\t\t<p class=\"elementor-heading-title elementor-size-default\">Juridiska oklarheter kan vara som stenar i v\u00e4gen. Ett l\u00f6sningsorienterat f\u00f6rh\u00e5llningss\u00e4tt till juridiska fr\u00e5gor skapar klarhet i bed\u00f6mningen av den juridiska risken och st\u00f6djer d\u00e4rmed din strategi. Som jurist med f\u00f6rst\u00e5else f\u00f6r ditt f\u00f6retags behov och som kompetent r\u00e5dgivare inom avtalsr\u00e4tt, arbetsr\u00e4tt och medier\u00e4tt kan jag st\u00f6dja dig och ditt f\u00f6retag b\u00e5de nationellt och i gr\u00e4ns\u00f6verskridande \u00e4renden.<\/p>\t\t\t\t<\/div>\n\t\t\t\t<\/div>\n\t\t\t\t<\/div>\n\t\t\t\t\t<\/div>\n\t\t\t\t<\/div>\n\t\t<div class=\"elementor-element elementor-element-4d429d0e e-flex e-con-boxed e-con e-parent\" data-id=\"4d429d0e\" data-element_type=\"container\" data-e-type=\"container\" data-settings=\"{&quot;background_background&quot;:&quot;classic&quot;}\">\n\t\t\t\t\t<div class=\"e-con-inner\">\n\t\t<div class=\"elementor-element elementor-element-1d9b91c2 e-con-full e-flex e-con e-child\" data-id=\"1d9b91c2\" data-element_type=\"container\" data-e-type=\"container\">\n\t\t\t\t<div class=\"elementor-element elementor-element-4bfd0864 elementor-widget elementor-widget-heading\" data-id=\"4bfd0864\" data-element_type=\"widget\" data-e-type=\"widget\" data-widget_type=\"heading.default\">\n\t\t\t\t<div class=\"elementor-widget-container\">\n\t\t\t\t\t<h2 class=\"elementor-heading-title elementor-size-default\">Jag ger r\u00e5d p\u00e5 tyska, engelska och svenska och har m\u00e5ng\u00e5rig erfarenhet inom f\u00f6ljande r\u00e4ttsomr\u00e5den:<\/h2>\t\t\t\t<\/div>\n\t\t\t\t<\/div>\n\t\t<div class=\"elementor-element elementor-element-1b61bff5 e-con-full e-flex e-con e-child\" data-id=\"1b61bff5\" data-element_type=\"container\" data-e-type=\"container\">\n\t\t<div class=\"elementor-element elementor-element-2fd4ac5a e-flex e-con-boxed e-con e-child\" data-id=\"2fd4ac5a\" data-element_type=\"container\" data-e-type=\"container\" data-settings=\"{&quot;background_background&quot;:&quot;classic&quot;}\">\n\t\t\t\t\t<div class=\"e-con-inner\">\n\t\t\t\t<div class=\"elementor-element elementor-element-35146858 elementor-widget elementor-widget-n-accordion\" data-id=\"35146858\" data-element_type=\"widget\" data-e-type=\"widget\" data-settings=\"{&quot;n_accordion_animation_duration&quot;:{&quot;unit&quot;:&quot;ms&quot;,&quot;size&quot;:300,&quot;sizes&quot;:[]},&quot;default_state&quot;:&quot;expanded&quot;,&quot;max_items_expended&quot;:&quot;one&quot;}\" data-widget_type=\"nested-accordion.default\">\n\t\t\t\t<div class=\"elementor-widget-container\">\n\t\t\t\t\t\t\t<div class=\"e-n-accordion\" aria-label=\"Accordion. Open links with Enter or Space, close with Escape, and navigate with Arrow Keys\">\n\t\t\t\t\t\t<details id=\"e-n-accordion-item-8900\" class=\"e-n-accordion-item\" open>\n\t\t\t\t<summary class=\"e-n-accordion-item-title\" data-accordion-index=\"1\" tabindex=\"0\" aria-expanded=\"true\" aria-controls=\"e-n-accordion-item-8900\" >\n\t\t\t\t\t<span class='e-n-accordion-item-title-header'><div class=\"e-n-accordion-item-title-text\"> Avtalsr\u00e4tt <\/div><\/span>\n\t\t\t\t\t\t\t<span class='e-n-accordion-item-title-icon'>\n\t\t\t<span class='e-opened' ><svg aria-hidden=\"true\" class=\"e-font-icon-svg e-fas-minus\" viewBox=\"0 0 448 512\" xmlns=\"http:\/\/www.w3.org\/2000\/svg\"><path d=\"M416 208H32c-17.67 0-32 14.33-32 32v32c0 17.67 14.33 32 32 32h384c17.67 0 32-14.33 32-32v-32c0-17.67-14.33-32-32-32z\"><\/path><\/svg><\/span>\n\t\t\t<span class='e-closed'><svg aria-hidden=\"true\" class=\"e-font-icon-svg e-fas-plus\" viewBox=\"0 0 448 512\" xmlns=\"http:\/\/www.w3.org\/2000\/svg\"><path d=\"M416 208H272V64c0-17.67-14.33-32-32-32h-32c-17.67 0-32 14.33-32 32v144H32c-17.67 0-32 14.33-32 32v32c0 17.67 14.33 32 32 32h144v144c0 17.67 14.33 32 32 32h32c17.67 0 32-14.33 32-32V304h144c17.67 0 32-14.33 32-32v-32c0-17.67-14.33-32-32-32z\"><\/path><\/svg><\/span>\n\t\t<\/span>\n\n\t\t\t\t\t\t<\/summary>\n\t\t\t\t<div role=\"region\" aria-labelledby=\"e-n-accordion-item-8900\" class=\"elementor-element elementor-element-640db362 e-con-full e-flex e-con e-child\" data-id=\"640db362\" data-element_type=\"container\" data-e-type=\"container\">\n\t\t<div role=\"region\" aria-labelledby=\"e-n-accordion-item-8900\" class=\"elementor-element elementor-element-2af30cb1 e-flex e-con-boxed e-con e-child\" data-id=\"2af30cb1\" data-element_type=\"container\" data-e-type=\"container\">\n\t\t\t\t\t<div class=\"e-con-inner\">\n\t\t\t\t<div class=\"elementor-element elementor-element-576fe108 elementor-widget elementor-widget-text-editor\" data-id=\"576fe108\" data-element_type=\"widget\" data-e-type=\"widget\" data-widget_type=\"text-editor.default\">\n\t\t\t\t<div class=\"elementor-widget-container\">\n\t\t\t\t\t\t\t\t\t<p>Utarbetande, granskning och f\u00f6rhandling av olika (\u00e4ven internationella) avtal s\u00e5som SaaS, SLA, e-handel, k\u00f6p och f\u00f6rs\u00e4ljning, IT-, leverans-, FoU-, hyres-, verktygs-, logistik- och distributionsavtal, NDA, cloud computing, RFQ:er, programvarulicenser och allm\u00e4nna villkor; juridiskt (generalist)st\u00f6d till juridiska avdelningar i den dagliga juridiska verksamheten; inf\u00f6rande av system f\u00f6r avtalshantering.<\/p>\t\t\t\t\t\t\t\t<\/div>\n\t\t\t\t<\/div>\n\t\t\t\t\t<\/div>\n\t\t\t\t<\/div>\n\t\t\t\t<\/div>\n\t\t\t\t\t<\/details>\n\t\t\t\t\t\t<details id=\"e-n-accordion-item-8901\" class=\"e-n-accordion-item\" >\n\t\t\t\t<summary class=\"e-n-accordion-item-title\" data-accordion-index=\"2\" tabindex=\"-1\" aria-expanded=\"false\" aria-controls=\"e-n-accordion-item-8901\" >\n\t\t\t\t\t<span class='e-n-accordion-item-title-header'><div class=\"e-n-accordion-item-title-text\"> Arbetsr\u00e4tt <\/div><\/span>\n\t\t\t\t\t\t\t<span class='e-n-accordion-item-title-icon'>\n\t\t\t<span class='e-opened' ><svg aria-hidden=\"true\" class=\"e-font-icon-svg e-fas-minus\" viewBox=\"0 0 448 512\" xmlns=\"http:\/\/www.w3.org\/2000\/svg\"><path d=\"M416 208H32c-17.67 0-32 14.33-32 32v32c0 17.67 14.33 32 32 32h384c17.67 0 32-14.33 32-32v-32c0-17.67-14.33-32-32-32z\"><\/path><\/svg><\/span>\n\t\t\t<span class='e-closed'><svg aria-hidden=\"true\" class=\"e-font-icon-svg e-fas-plus\" viewBox=\"0 0 448 512\" xmlns=\"http:\/\/www.w3.org\/2000\/svg\"><path d=\"M416 208H272V64c0-17.67-14.33-32-32-32h-32c-17.67 0-32 14.33-32 32v144H32c-17.67 0-32 14.33-32 32v32c0 17.67 14.33 32 32 32h144v144c0 17.67 14.33 32 32 32h32c17.67 0 32-14.33 32-32V304h144c17.67 0 32-14.33 32-32v-32c0-17.67-14.33-32-32-32z\"><\/path><\/svg><\/span>\n\t\t<\/span>\n\n\t\t\t\t\t\t<\/summary>\n\t\t\t\t<div role=\"region\" aria-labelledby=\"e-n-accordion-item-8901\" class=\"elementor-element elementor-element-4b2597e2 e-con-full e-flex e-con e-child\" data-id=\"4b2597e2\" data-element_type=\"container\" data-e-type=\"container\">\n\t\t<div role=\"region\" aria-labelledby=\"e-n-accordion-item-8901\" class=\"elementor-element elementor-element-210608cb e-flex e-con-boxed e-con e-child\" data-id=\"210608cb\" data-element_type=\"container\" data-e-type=\"container\">\n\t\t\t\t\t<div class=\"e-con-inner\">\n\t\t\t\t<div class=\"elementor-element elementor-element-1b0c359 elementor-widget elementor-widget-text-editor\" data-id=\"1b0c359\" data-element_type=\"widget\" data-e-type=\"widget\" data-widget_type=\"text-editor.default\">\n\t\t\t\t<div class=\"elementor-widget-container\">\n\t\t\t\t\t\t\t\t\t<p>Omfattande r\u00e5dgivning och representation i och utanf\u00f6r domstol inom individuell och kollektiv arbetsr\u00e4tt, inklusive upps\u00e4gningar och varningar, avtalsfr\u00e5gor och struktureringsalternativ, medbest\u00e4mmander\u00e4tt och f\u00f6retagsavtal, f\u00f6retagspensionssystem, f\u00f6retags\u00f6vningar och f\u00f6retags\u00f6verl\u00e5telser samt i alla fr\u00e5gor som r\u00f6r idrottsjuridik, s\u00e5som spelaravtal, visstidsanst\u00e4llningar och transferavtal.<\/p>\t\t\t\t\t\t\t\t<\/div>\n\t\t\t\t<\/div>\n\t\t\t\t\t<\/div>\n\t\t\t\t<\/div>\n\t\t\t\t<\/div>\n\t\t\t\t\t<\/details>\n\t\t\t\t\t\t<details id=\"e-n-accordion-item-8902\" class=\"e-n-accordion-item\" >\n\t\t\t\t<summary class=\"e-n-accordion-item-title\" data-accordion-index=\"3\" tabindex=\"-1\" aria-expanded=\"false\" aria-controls=\"e-n-accordion-item-8902\" >\n\t\t\t\t\t<span class='e-n-accordion-item-title-header'><div class=\"e-n-accordion-item-title-text\"> Media och teknik <\/div><\/span>\n\t\t\t\t\t\t\t<span class='e-n-accordion-item-title-icon'>\n\t\t\t<span class='e-opened' ><svg aria-hidden=\"true\" class=\"e-font-icon-svg e-fas-minus\" viewBox=\"0 0 448 512\" xmlns=\"http:\/\/www.w3.org\/2000\/svg\"><path d=\"M416 208H32c-17.67 0-32 14.33-32 32v32c0 17.67 14.33 32 32 32h384c17.67 0 32-14.33 32-32v-32c0-17.67-14.33-32-32-32z\"><\/path><\/svg><\/span>\n\t\t\t<span class='e-closed'><svg aria-hidden=\"true\" class=\"e-font-icon-svg e-fas-plus\" viewBox=\"0 0 448 512\" xmlns=\"http:\/\/www.w3.org\/2000\/svg\"><path d=\"M416 208H272V64c0-17.67-14.33-32-32-32h-32c-17.67 0-32 14.33-32 32v144H32c-17.67 0-32 14.33-32 32v32c0 17.67 14.33 32 32 32h144v144c0 17.67 14.33 32 32 32h32c17.67 0 32-14.33 32-32V304h144c17.67 0 32-14.33 32-32v-32c0-17.67-14.33-32-32-32z\"><\/path><\/svg><\/span>\n\t\t<\/span>\n\n\t\t\t\t\t\t<\/summary>\n\t\t\t\t<div role=\"region\" aria-labelledby=\"e-n-accordion-item-8902\" class=\"elementor-element elementor-element-733b5e76 e-con-full e-flex e-con e-child\" data-id=\"733b5e76\" data-element_type=\"container\" data-e-type=\"container\">\n\t\t<div role=\"region\" aria-labelledby=\"e-n-accordion-item-8902\" class=\"elementor-element elementor-element-51e72c11 e-flex e-con-boxed e-con e-child\" data-id=\"51e72c11\" data-element_type=\"container\" data-e-type=\"container\">\n\t\t\t\t\t<div class=\"e-con-inner\">\n\t\t\t\t<div class=\"elementor-element elementor-element-36162759 elementor-widget elementor-widget-text-editor\" data-id=\"36162759\" data-element_type=\"widget\" data-e-type=\"widget\" data-widget_type=\"text-editor.default\">\n\t\t\t\t<div class=\"elementor-widget-container\">\n\t\t\t\t\t\t\t\t\t<p>R\u00e5dgivning och representation i fr\u00e5gor som r\u00f6r produkter, tj\u00e4nster och aff\u00e4rsmodeller med fokus p\u00e5 media och teknik \u2013 s\u00e4rskilt i fr\u00e5gor om dataskydds- och konkurrensr\u00e4tt samt immaterialr\u00e4tt, inklusive skydd av programvara, varum\u00e4rken, namn och bildr\u00e4ttigheter samt deras kommersiella utnyttjande.<\/p>\t\t\t\t\t\t\t\t<\/div>\n\t\t\t\t<\/div>\n\t\t\t\t\t<\/div>\n\t\t\t\t<\/div>\n\t\t\t\t<\/div>\n\t\t\t\t\t<\/details>\n\t\t\t\t\t<\/div>\n\t\t\t\t\t\t<\/div>\n\t\t\t\t<\/div>\n\t\t\t\t\t<\/div>\n\t\t\t\t<\/div>\n\t\t\t\t<\/div>\n\t\t\t\t<\/div>\n\t\t\t\t\t<\/div>\n\t\t\t\t<\/div>\n\t\t<div class=\"elementor-element elementor-element-3a86fb49 e-flex e-con-boxed e-con e-parent\" data-id=\"3a86fb49\" data-element_type=\"container\" data-e-type=\"container\">\n\t\t\t\t\t<div class=\"e-con-inner\">\n\t\t\t\t<div class=\"elementor-element elementor-element-65a8e79a elementor-widget elementor-widget-heading\" data-id=\"65a8e79a\" data-element_type=\"widget\" data-e-type=\"widget\" data-widget_type=\"heading.default\">\n\t\t\t\t<div class=\"elementor-widget-container\">\n\t\t\t\t\t<h2 class=\"elementor-heading-title elementor-size-default\">Jag kan ge dig r\u00e5d om de fr\u00e5gor som \u00e4r relevanta f\u00f6r dig fr\u00e5n en enda k\u00e4lla. Ni kan ocks\u00e5 anlita mig som <b>extern juridisk r\u00e5dgivare<\/b>. Det \u00e4r ett bra alternativ om ni regelbundet beh\u00f6ver juridisk r\u00e5dgivning och en fast bolagsjurist inte \u00e4r kostnadseffektivt, eller om ni beh\u00f6ver hantera h\u00f6g arbetsbelastning och st\u00f6d i st\u00f6rre projekt. Jag \u00e4r ocks\u00e5 tillg\u00e4nglig som <b>tillf\u00e4llig juridisk r\u00e5dgivare<\/b> f\u00f6r att \u00f6verbrygga tillf\u00e4lliga vakanser eller som extern f\u00f6r\u00e4ldraledighetsers\u00e4ttning.<\/h2>\t\t\t\t<\/div>\n\t\t\t\t<\/div>\n\t\t\t\t\t<\/div>\n\t\t\t\t<\/div>\n\t\t<div class=\"elementor-element elementor-element-30d4db32 e-flex e-con-boxed e-con e-parent\" data-id=\"30d4db32\" data-element_type=\"container\" data-e-type=\"container\" data-settings=\"{&quot;background_background&quot;:&quot;classic&quot;}\">\n\t\t\t\t\t<div class=\"e-con-inner\">\n\t\t<div class=\"elementor-element elementor-element-7414aa07 e-con-full e-flex e-con e-child\" data-id=\"7414aa07\" data-element_type=\"container\" data-e-type=\"container\">\n\t\t\t\t<div class=\"elementor-element elementor-element-5e4d4612 elementor-widget__width-inherit elementor-widget elementor-widget-heading\" data-id=\"5e4d4612\" data-element_type=\"widget\" data-e-type=\"widget\" data-widget_type=\"heading.default\">\n\t\t\t\t<div class=\"elementor-widget-container\">\n\t\t\t\t\t<h1 class=\"elementor-heading-title elementor-size-default\">Berlin. \u00d6ver hela landet. Internationellt.<\/h1>\t\t\t\t<\/div>\n\t\t\t\t<\/div>\n\t\t\t\t<div class=\"elementor-element elementor-element-581d5b76 elementor-widget elementor-widget-text-editor\" data-id=\"581d5b76\" data-element_type=\"widget\" data-e-type=\"widget\" data-widget_type=\"text-editor.default\">\n\t\t\t\t<div class=\"elementor-widget-container\">\n\t\t\t\t\t\t\t\t\t<p>Mitt personliga f\u00f6rh\u00e5llningss\u00e4tt och mina individuella l\u00f6sningar ger dig tillf\u00f6rlitliga resultat som juridiskt st\u00f6djer din strategi. Som jurist \u00e4r jag alltid angel\u00e4gen om att uppn\u00e5 <b>det b\u00e4sta resultatet f\u00f6r dig.<\/b><\/p><p>Min r\u00e5dgivning k\u00e4nnetecknas av ett <b>klart och begripligt spr\u00e5k och entydiga handlingsrekommendationer.<\/b><\/p><p>Jag l\u00e4gger s\u00e4rskild vikt vid ett l\u00f6sningsorienterat f\u00f6rh\u00e5llningss\u00e4tt med fokus p\u00e5 f\u00f6retagets behov.<\/p>\t\t\t\t\t\t\t\t<\/div>\n\t\t\t\t<\/div>\n\t\t\t\t<\/div>\n\t\t<div class=\"elementor-element elementor-element-36c340a e-con-full e-flex e-con e-child\" data-id=\"36c340a\" data-element_type=\"container\" data-e-type=\"container\" data-settings=\"{&quot;background_background&quot;:&quot;classic&quot;}\">\n\t\t\t\t<div class=\"elementor-element elementor-element-273d0ca elementor-widget__width-inherit elementor-widget elementor-widget-image\" data-id=\"273d0ca\" data-element_type=\"widget\" data-e-type=\"widget\" data-widget_type=\"image.default\">\n\t\t\t\t<div class=\"elementor-widget-container\">\n\t\t\t\t\t\t\t\t\t\t\t\t\t\t\t<img fetchpriority=\"high\" decoding=\"async\" width=\"2560\" height=\"1707\" src=\"https:\/\/ja-ra.net\/wp-content\/uploads\/2025\/08\/home-bundesweit-scaled.jpg\" class=\"attachment-full size-full wp-image-1065\" alt=\"\" srcset=\"https:\/\/ja-ra.net\/wp-content\/uploads\/2025\/08\/home-bundesweit-scaled.jpg 2560w, https:\/\/ja-ra.net\/wp-content\/uploads\/2025\/08\/home-bundesweit-300x200.jpg 300w, https:\/\/ja-ra.net\/wp-content\/uploads\/2025\/08\/home-bundesweit-1024x683.jpg 1024w, https:\/\/ja-ra.net\/wp-content\/uploads\/2025\/08\/home-bundesweit-768x512.jpg 768w, https:\/\/ja-ra.net\/wp-content\/uploads\/2025\/08\/home-bundesweit-1536x1024.jpg 1536w, https:\/\/ja-ra.net\/wp-content\/uploads\/2025\/08\/home-bundesweit-2048x1365.jpg 2048w\" sizes=\"(max-width: 2560px) 100vw, 2560px\" \/>\t\t\t\t\t\t\t\t\t\t\t\t\t\t\t<\/div>\n\t\t\t\t<\/div>\n\t\t\t\t<\/div>\n\t\t\t\t\t<\/div>\n\t\t\t\t<\/div>\n\t\t<div class=\"elementor-element elementor-element-17ead22e e-flex e-con-boxed e-con e-parent\" data-id=\"17ead22e\" data-element_type=\"container\" data-e-type=\"container\">\n\t\t\t\t\t<div class=\"e-con-inner\">\n\t\t<div class=\"elementor-element elementor-element-72021bbf e-con-full e-flex e-con e-child\" data-id=\"72021bbf\" data-element_type=\"container\" data-e-type=\"container\">\n\t\t\t\t<div class=\"elementor-element elementor-element-202b3eb2 elementor-widget elementor-widget-heading\" data-id=\"202b3eb2\" data-element_type=\"widget\" data-e-type=\"widget\" data-widget_type=\"heading.default\">\n\t\t\t\t<div class=\"elementor-widget-container\">\n\t\t\t\t\t<h2 class=\"elementor-heading-title elementor-size-default\">Interim Legal Counsel<\/h2>\t\t\t\t<\/div>\n\t\t\t\t<\/div>\n\t\t\t\t<\/div>\n\t\t<div class=\"elementor-element elementor-element-548a4a3d e-con-full e-flex e-con e-child\" data-id=\"548a4a3d\" data-element_type=\"container\" data-e-type=\"container\">\n\t\t\t\t<div class=\"elementor-element elementor-element-612fcd6d elementor-widget elementor-widget-text-editor\" data-id=\"612fcd6d\" data-element_type=\"widget\" data-e-type=\"widget\" data-widget_type=\"text-editor.default\">\n\t\t\t\t<div class=\"elementor-widget-container\">\n\t\t\t\t\t\t\t\t\t<p>Jag \u00e4r \u00e4ven tillg\u00e4nglig f\u00f6r arbete som interimsjurist och f\u00f6r de fall d\u00e5 er juridiska avdelning m\u00e5ste t\u00e4cka upp f\u00f6r personalbrist, t.ex. f\u00f6r\u00e4ldraledighet eller f\u00f6r mycket arbete p\u00e5 f\u00f6r f\u00e5 medarbetare med kort varsel. F\u00f6rdelen f\u00f6r ditt f\u00f6retag med att anlita en interimsjurist \u00e4r bland annat att det <b>inte beh\u00f6ver skapa ytterliga<\/b>re en tj\u00e4nst och att <b>arbetsr\u00e4ttsliga \u00f6verv\u00e4ganden kan bortses fr\u00e5n.<\/b><\/p><p>Under mina m\u00e5nga \u00e5r som jurist har jag skaffat mig <strong>stor erfarenhet som interim legal counsel<\/strong> med ett starkt tekniskt och industriellt fokus inom branscherna <b>fordon, infrastruktur och mobilitet, IT, e-handel, telekommunikation och s\u00e4kerhetssystem.<\/b><\/p>\t\t\t\t\t\t\t\t<\/div>\n\t\t\t\t<\/div>\n\t\t\t\t<\/div>\n\t\t\t\t\t<\/div>\n\t\t\t\t<\/div>\n\t\t<div class=\"elementor-element elementor-element-7c27cbec e-flex e-con-boxed e-con e-parent\" data-id=\"7c27cbec\" data-element_type=\"container\" data-e-type=\"container\">\n\t\t\t\t\t<div class=\"e-con-inner\">\n\t\t<div class=\"elementor-element elementor-element-63b0b81b e-con-full e-flex e-con e-child\" data-id=\"63b0b81b\" data-element_type=\"container\" data-e-type=\"container\">\n\t\t\t\t<div class=\"elementor-element elementor-element-3420a76d elementor-widget elementor-widget-heading\" data-id=\"3420a76d\" data-element_type=\"widget\" data-e-type=\"widget\" data-widget_type=\"heading.default\">\n\t\t\t\t<div class=\"elementor-widget-container\">\n\t\t\t\t\t<h2 class=\"elementor-heading-title elementor-size-default\">Ett urval av mina mandat<\/h2>\t\t\t\t<\/div>\n\t\t\t\t<\/div>\n\t\t\t\t<\/div>\n\t\t<div class=\"elementor-element elementor-element-593972ce e-flex e-con-boxed e-con e-child\" data-id=\"593972ce\" data-element_type=\"container\" data-e-type=\"container\">\n\t\t\t\t\t<div class=\"e-con-inner\">\n\t\t\t\t<div class=\"elementor-element elementor-element-7b45919d elementor-widget elementor-widget-text-editor\" data-id=\"7b45919d\" data-element_type=\"widget\" data-e-type=\"widget\" data-widget_type=\"text-editor.default\">\n\t\t\t\t<div class=\"elementor-widget-container\">\n\t\t\t\t\t\t\t\t\t<ul>\n<li>Juridisk r\u00e5dgivning till en leverant\u00f6r av s\u00e4kerhetssystem med ett mycket starkt tekniskt fokus i den dagliga juridiska verksamheten, s\u00e4rskilt inom avtalsr\u00e4tt, upphovsr\u00e4tt och dataskyddslagstiftning<br><br><\/li>\n<li>Juridisk r\u00e5dgivning och representation av en digital byr\u00e5 inom omr\u00e5dena avtalsr\u00e4tt, upphovsr\u00e4tt, arbetsr\u00e4tt och IT-r\u00e4tt;<br><br><\/li>\n<li>Juridisk r\u00e5dgivning och representation av en Tier 1 fordonsleverant\u00f6r som extern juridisk r\u00e5dgivare inom omr\u00e5dena kommersiell r\u00e4tt, dataskyddsr\u00e4tt och arbetsr\u00e4tt;<br><br><\/li>\n<li>R\u00e5dgivning i gr\u00e4nssnittet mellan arbetsr\u00e4tt och dataskydd, t.ex. om till\u00e5tligheten enligt dataskyddslagstiftningen av \u00f6verf\u00f6ring av personuppgifter inom koncernen och \u00f6vervakning av anst\u00e4lldas anv\u00e4ndning av arbetsgivarens internet och verktyg;<br><br><\/li>\n<li>Regelbunden r\u00e5dgivning om arbetsr\u00e4tt och dataskyddslagstiftning f\u00f6r en global telekommunikationskoncern;<br><br><\/li>\n<li>Avtals- och dataskyddsr\u00e4ttslig r\u00e5dgivning till en leverant\u00f6r av en app inom h\u00e4lsosektorn;<br><br><\/li>\n<li>Avtalsr\u00e4ttslig r\u00e5dgivning med starkt internationellt fokus f\u00f6r en stor tysk leverant\u00f6r av ingenj\u00f6rstj\u00e4nster;<br><br><\/li>\n<li>R\u00e5dgivning inom avtalsr\u00e4tt och kravhantering till en internationell fordonsleverant\u00f6r som tillh\u00f6r topp 20 i v\u00e4rlden.<\/li>\n<\/ul>\t\t\t\t\t\t\t\t<\/div>\n\t\t\t\t<\/div>\n\t\t\t\t\t<\/div>\n\t\t\t\t<\/div>\n\t\t\t\t\t<\/div>\n\t\t\t\t<\/div>\n\t\t<div class=\"elementor-element elementor-element-7805e4b1 e-flex e-con-boxed e-con e-parent\" data-id=\"7805e4b1\" data-element_type=\"container\" data-e-type=\"container\">\n\t\t\t\t\t<div class=\"e-con-inner\">\n\t\t\t\t<div class=\"elementor-element elementor-element-320dc049 elementor-widget elementor-widget-text-editor\" data-id=\"320dc049\" data-element_type=\"widget\" data-e-type=\"widget\" data-widget_type=\"text-editor.default\">\n\t\t\t\t<div class=\"elementor-widget-container\">\n\t\t\t\t\t\t\t\t\t<p>Jag kan i regel anlitas med <b>mycket kort varsel och p\u00e5 ett flexibelt<\/b> s\u00e4tt. Tack vare min m\u00e5ng\u00e5riga erfarenhet som interim legal counsel \u00e4r jag v\u00e4l f\u00f6rtrogen med strukturerna p\u00e5 en juridisk avdelning och beslutsprocesserna i f\u00f6retag, varf\u00f6r jag inte beh\u00f6ver n\u00e5gon l\u00e5ng inskolningsperiod.<\/p><p><strong>Berlin. \u00d6ver hela landet. Internationellt.<\/strong><\/p>\t\t\t\t\t\t\t\t<\/div>\n\t\t\t\t<\/div>\n\t\t\t\t\t<\/div>\n\t\t\t\t<\/div>\n\t\t\t\t<\/div>\n\t\t","protected":false},"excerpt":{"rendered":"<p>Jurist med inriktning p\u00e5 avtalsr\u00e4tt, arbetsr\u00e4tt och medier\u00e4tt Personlig. L\u00f6sningsorienterad. Internationell. Beh\u00f6ver du professionell juridisk r\u00e5dgivning? Kontakta mig g\u00e4rna p\u00e5 telefon! +49 (30) 23390 112 &#8222;Du kan ocks\u00e5 bygga n\u00e5got vackert av stenar som ligger i v\u00e4gen f\u00f6r dig.&#8220; &#8211; Johann Wolfgang von Goethe- Juridiska oklarheter kan vara som stenar i v\u00e4gen. Ett l\u00f6sningsorienterat f\u00f6rh\u00e5llningss\u00e4tt [&hellip;]<\/p>\n","protected":false},"author":1,"featured_media":0,"parent":0,"menu_order":0,"comment_status":"closed","ping_status":"closed","template":"elementor_header_footer","meta":{"footnotes":""},"class_list":["post-899","page","type-page","status-publish","hentry"],"yoast_head":"<!-- This site is optimized with the Yoast SEO plugin v27.5 - https:\/\/yoast.com\/product\/yoast-seo-wordpress\/ -->\n<title>R\u00e5dgivningsansats - Jascha Aust<\/title>\n<meta name=\"robots\" content=\"index, follow, max-snippet:-1, max-image-preview:large, max-video-preview:-1\" \/>\n<link rel=\"canonical\" href=\"https:\/\/ja-ra.net\/?page_id=899&lang=sv\" \/>\n<meta property=\"og:locale\" content=\"de_DE\" \/>\n<meta property=\"og:type\" content=\"article\" \/>\n<meta property=\"og:title\" content=\"R\u00e5dgivningsansats - Jascha Aust\" \/>\n<meta property=\"og:description\" content=\"Jurist med inriktning p\u00e5 avtalsr\u00e4tt, arbetsr\u00e4tt och medier\u00e4tt Personlig. L\u00f6sningsorienterad. Internationell. Beh\u00f6ver du professionell juridisk r\u00e5dgivning? Kontakta mig g\u00e4rna p\u00e5 telefon! +49 (30) 23390 112 &#8222;Du kan ocks\u00e5 bygga n\u00e5got vackert av stenar som ligger i v\u00e4gen f\u00f6r dig.&#8220; &#8211; Johann Wolfgang von Goethe- Juridiska oklarheter kan vara som stenar i v\u00e4gen. Ett l\u00f6sningsorienterat f\u00f6rh\u00e5llningss\u00e4tt [&hellip;]\" \/>\n<meta property=\"og:url\" content=\"https:\/\/ja-ra.net\/?page_id=899&amp;lang=sv\" \/>\n<meta property=\"og:site_name\" content=\"Jascha Aust\" \/>\n<meta property=\"article:modified_time\" content=\"2025-09-02T13:48:28+00:00\" \/>\n<meta property=\"og:image\" content=\"https:\/\/ja-ra.net\/wp-content\/uploads\/2025\/08\/home-bundesweit-scaled.jpg\" \/>\n\t<meta property=\"og:image:width\" content=\"2560\" \/>\n\t<meta property=\"og:image:height\" content=\"1707\" \/>\n\t<meta property=\"og:image:type\" content=\"image\/jpeg\" \/>\n<meta name=\"twitter:card\" content=\"summary_large_image\" \/>\n<meta name=\"twitter:label1\" content=\"Gesch\u00e4tzte Lesezeit\" \/>\n\t<meta name=\"twitter:data1\" content=\"5\u00a0Minuten\" \/>\n<script type=\"application\/ld+json\" class=\"yoast-schema-graph\">{\"@context\":\"https:\\\/\\\/schema.org\",\"@graph\":[{\"@type\":\"WebPage\",\"@id\":\"https:\\\/\\\/ja-ra.net\\\/?page_id=899&lang=sv\",\"url\":\"https:\\\/\\\/ja-ra.net\\\/?page_id=899&lang=sv\",\"name\":\"R\u00e5dgivningsansats - Jascha Aust\",\"isPartOf\":{\"@id\":\"https:\\\/\\\/ja-ra.net\\\/#website\"},\"primaryImageOfPage\":{\"@id\":\"https:\\\/\\\/ja-ra.net\\\/?page_id=899&lang=sv#primaryimage\"},\"image\":{\"@id\":\"https:\\\/\\\/ja-ra.net\\\/?page_id=899&lang=sv#primaryimage\"},\"thumbnailUrl\":\"https:\\\/\\\/ja-ra.net\\\/wp-content\\\/uploads\\\/2025\\\/08\\\/home-bundesweit-scaled.jpg\",\"datePublished\":\"2025-07-03T15:50:36+00:00\",\"dateModified\":\"2025-09-02T13:48:28+00:00\",\"breadcrumb\":{\"@id\":\"https:\\\/\\\/ja-ra.net\\\/?page_id=899&lang=sv#breadcrumb\"},\"inLanguage\":\"de\",\"potentialAction\":[{\"@type\":\"ReadAction\",\"target\":[\"https:\\\/\\\/ja-ra.net\\\/?page_id=899&lang=sv\"]}]},{\"@type\":\"ImageObject\",\"inLanguage\":\"de\",\"@id\":\"https:\\\/\\\/ja-ra.net\\\/?page_id=899&lang=sv#primaryimage\",\"url\":\"https:\\\/\\\/ja-ra.net\\\/wp-content\\\/uploads\\\/2025\\\/08\\\/home-bundesweit-scaled.jpg\",\"contentUrl\":\"https:\\\/\\\/ja-ra.net\\\/wp-content\\\/uploads\\\/2025\\\/08\\\/home-bundesweit-scaled.jpg\",\"width\":2560,\"height\":1707},{\"@type\":\"BreadcrumbList\",\"@id\":\"https:\\\/\\\/ja-ra.net\\\/?page_id=899&lang=sv#breadcrumb\",\"itemListElement\":[{\"@type\":\"ListItem\",\"position\":1,\"name\":\"Startseite\",\"item\":\"https:\\\/\\\/ja-ra.net\\\/\"},{\"@type\":\"ListItem\",\"position\":2,\"name\":\"R\u00e5dgivningsansats\"}]},{\"@type\":\"WebSite\",\"@id\":\"https:\\\/\\\/ja-ra.net\\\/#website\",\"url\":\"https:\\\/\\\/ja-ra.net\\\/\",\"name\":\"Jascha Aust Rechtsanwalt\",\"description\":\"Rechtsanwalt\",\"publisher\":{\"@id\":\"https:\\\/\\\/ja-ra.net\\\/#\\\/schema\\\/person\\\/96400a6aa377c884c382101bdb8005db\"},\"potentialAction\":[{\"@type\":\"SearchAction\",\"target\":{\"@type\":\"EntryPoint\",\"urlTemplate\":\"https:\\\/\\\/ja-ra.net\\\/?s={search_term_string}\"},\"query-input\":{\"@type\":\"PropertyValueSpecification\",\"valueRequired\":true,\"valueName\":\"search_term_string\"}}],\"inLanguage\":\"de\"},{\"@type\":[\"Person\",\"Organization\"],\"@id\":\"https:\\\/\\\/ja-ra.net\\\/#\\\/schema\\\/person\\\/96400a6aa377c884c382101bdb8005db\",\"name\":\"jaschaaust\",\"image\":{\"@type\":\"ImageObject\",\"inLanguage\":\"de\",\"@id\":\"https:\\\/\\\/ja-ra.net\\\/wp-content\\\/uploads\\\/2025\\\/06\\\/cropped-Logo-dark.png\",\"url\":\"https:\\\/\\\/ja-ra.net\\\/wp-content\\\/uploads\\\/2025\\\/06\\\/cropped-Logo-dark.png\",\"contentUrl\":\"https:\\\/\\\/ja-ra.net\\\/wp-content\\\/uploads\\\/2025\\\/06\\\/cropped-Logo-dark.png\",\"width\":512,\"height\":512,\"caption\":\"jaschaaust\"},\"logo\":{\"@id\":\"https:\\\/\\\/ja-ra.net\\\/wp-content\\\/uploads\\\/2025\\\/06\\\/cropped-Logo-dark.png\"}}]}<\/script>\n<!-- \/ Yoast SEO plugin. -->","yoast_head_json":{"title":"R\u00e5dgivningsansats - Jascha Aust","robots":{"index":"index","follow":"follow","max-snippet":"max-snippet:-1","max-image-preview":"max-image-preview:large","max-video-preview":"max-video-preview:-1"},"canonical":"https:\/\/ja-ra.net\/?page_id=899&lang=sv","og_locale":"de_DE","og_type":"article","og_title":"R\u00e5dgivningsansats - Jascha Aust","og_description":"Jurist med inriktning p\u00e5 avtalsr\u00e4tt, arbetsr\u00e4tt och medier\u00e4tt Personlig. L\u00f6sningsorienterad. Internationell. Beh\u00f6ver du professionell juridisk r\u00e5dgivning? Kontakta mig g\u00e4rna p\u00e5 telefon! +49 (30) 23390 112 &#8222;Du kan ocks\u00e5 bygga n\u00e5got vackert av stenar som ligger i v\u00e4gen f\u00f6r dig.&#8220; &#8211; Johann Wolfgang von Goethe- Juridiska oklarheter kan vara som stenar i v\u00e4gen. Ett l\u00f6sningsorienterat f\u00f6rh\u00e5llningss\u00e4tt [&hellip;]","og_url":"https:\/\/ja-ra.net\/?page_id=899&lang=sv","og_site_name":"Jascha Aust","article_modified_time":"2025-09-02T13:48:28+00:00","og_image":[{"width":2560,"height":1707,"url":"https:\/\/ja-ra.net\/wp-content\/uploads\/2025\/08\/home-bundesweit-scaled.jpg","type":"image\/jpeg"}],"twitter_card":"summary_large_image","twitter_misc":{"Gesch\u00e4tzte Lesezeit":"5\u00a0Minuten"},"schema":{"@context":"https:\/\/schema.org","@graph":[{"@type":"WebPage","@id":"https:\/\/ja-ra.net\/?page_id=899&lang=sv","url":"https:\/\/ja-ra.net\/?page_id=899&lang=sv","name":"R\u00e5dgivningsansats - Jascha Aust","isPartOf":{"@id":"https:\/\/ja-ra.net\/#website"},"primaryImageOfPage":{"@id":"https:\/\/ja-ra.net\/?page_id=899&lang=sv#primaryimage"},"image":{"@id":"https:\/\/ja-ra.net\/?page_id=899&lang=sv#primaryimage"},"thumbnailUrl":"https:\/\/ja-ra.net\/wp-content\/uploads\/2025\/08\/home-bundesweit-scaled.jpg","datePublished":"2025-07-03T15:50:36+00:00","dateModified":"2025-09-02T13:48:28+00:00","breadcrumb":{"@id":"https:\/\/ja-ra.net\/?page_id=899&lang=sv#breadcrumb"},"inLanguage":"de","potentialAction":[{"@type":"ReadAction","target":["https:\/\/ja-ra.net\/?page_id=899&lang=sv"]}]},{"@type":"ImageObject","inLanguage":"de","@id":"https:\/\/ja-ra.net\/?page_id=899&lang=sv#primaryimage","url":"https:\/\/ja-ra.net\/wp-content\/uploads\/2025\/08\/home-bundesweit-scaled.jpg","contentUrl":"https:\/\/ja-ra.net\/wp-content\/uploads\/2025\/08\/home-bundesweit-scaled.jpg","width":2560,"height":1707},{"@type":"BreadcrumbList","@id":"https:\/\/ja-ra.net\/?page_id=899&lang=sv#breadcrumb","itemListElement":[{"@type":"ListItem","position":1,"name":"Startseite","item":"https:\/\/ja-ra.net\/"},{"@type":"ListItem","position":2,"name":"R\u00e5dgivningsansats"}]},{"@type":"WebSite","@id":"https:\/\/ja-ra.net\/#website","url":"https:\/\/ja-ra.net\/","name":"Jascha Aust Rechtsanwalt","description":"Rechtsanwalt","publisher":{"@id":"https:\/\/ja-ra.net\/#\/schema\/person\/96400a6aa377c884c382101bdb8005db"},"potentialAction":[{"@type":"SearchAction","target":{"@type":"EntryPoint","urlTemplate":"https:\/\/ja-ra.net\/?s={search_term_string}"},"query-input":{"@type":"PropertyValueSpecification","valueRequired":true,"valueName":"search_term_string"}}],"inLanguage":"de"},{"@type":["Person","Organization"],"@id":"https:\/\/ja-ra.net\/#\/schema\/person\/96400a6aa377c884c382101bdb8005db","name":"jaschaaust","image":{"@type":"ImageObject","inLanguage":"de","@id":"https:\/\/ja-ra.net\/wp-content\/uploads\/2025\/06\/cropped-Logo-dark.png","url":"https:\/\/ja-ra.net\/wp-content\/uploads\/2025\/06\/cropped-Logo-dark.png","contentUrl":"https:\/\/ja-ra.net\/wp-content\/uploads\/2025\/06\/cropped-Logo-dark.png","width":512,"height":512,"caption":"jaschaaust"},"logo":{"@id":"https:\/\/ja-ra.net\/wp-content\/uploads\/2025\/06\/cropped-Logo-dark.png"}}]}},"_links":{"self":[{"href":"https:\/\/ja-ra.net\/index.php?rest_route=\/wp\/v2\/pages\/899","targetHints":{"allow":["GET"]}}],"collection":[{"href":"https:\/\/ja-ra.net\/index.php?rest_route=\/wp\/v2\/pages"}],"about":[{"href":"https:\/\/ja-ra.net\/index.php?rest_route=\/wp\/v2\/types\/page"}],"author":[{"embeddable":true,"href":"https:\/\/ja-ra.net\/index.php?rest_route=\/wp\/v2\/users\/1"}],"replies":[{"embeddable":true,"href":"https:\/\/ja-ra.net\/index.php?rest_route=%2Fwp%2Fv2%2Fcomments&post=899"}],"version-history":[{"count":35,"href":"https:\/\/ja-ra.net\/index.php?rest_route=\/wp\/v2\/pages\/899\/revisions"}],"predecessor-version":[{"id":1458,"href":"https:\/\/ja-ra.net\/index.php?rest_route=\/wp\/v2\/pages\/899\/revisions\/1458"}],"wp:attachment":[{"href":"https:\/\/ja-ra.net\/index.php?rest_route=%2Fwp%2Fv2%2Fmedia&parent=899"}],"curies":[{"name":"wp","href":"https:\/\/api.w.org\/{rel}","templated":true}]}}